{"id":25767,"date":"2024-10-21T11:53:16","date_gmt":"2024-10-21T09:53:16","guid":{"rendered":"https:\/\/tiszacsege.hu\/?page_id=25767"},"modified":"2026-02-12T14:16:18","modified_gmt":"2026-02-12T13:16:18","slug":"nyomtatvanyok","status":"publish","type":"page","link":"https:\/\/tiszacsege.hu\/?page_id=25767","title":{"rendered":"Nyomtatv\u00e1nyok"},"content":{"rendered":"\n<p class=\"has-medium-font-size wp-block-paragraph\"><strong>Anyak\u00f6nyvi \u00fcgyek<\/strong><\/p>\n\n\n\n<ul class=\"wp-block-list\">\n<li class=\"has-medium-font-size\"><a href=\"https:\/\/tiszacsege.hu\/wp-content\/uploads\/2025\/08\/Nyilatkozat-hagyateki-eljarashoz.pdf\">Nyilatkozat hagyat\u00e9ki elj\u00e1r\u00e1shoz<\/a><br><\/li>\n\n\n\n<li class=\"has-medium-font-size\"><a href=\"https:\/\/tiszacsege.hu\/wp-content\/uploads\/2025\/08\/Kerelem-pothagyateki-leltar-felvetele-irant.pdf\">K\u00e9relem p\u00f3thagyat\u00e9ki lelt\u00e1r felv\u00e9tele ir\u00e1nt<\/a><br><\/li>\n\n\n\n<li class=\"has-medium-font-size\"><a href=\"https:\/\/tiszacsege.hu\/wp-content\/uploads\/2025\/08\/Hagyatekot-visszautasito-nyilatkozat.pdf\">Hagyat\u00e9kot visszautas\u00edt\u00f3 nyilatkozat<\/a><br><\/li>\n\n\n\n<li class=\"has-medium-font-size\"><a href=\"https:\/\/tiszacsege.hu\/wp-content\/uploads\/2025\/08\/Fellebbezesi-jogrol-lemondo-nyilatkozt-hagyateki-eljarashoz.pdf\">Fellebbez\u00e9si jogr\u00f3l lemond\u00f3 nyilatkozat hagyat\u00e9ki elj\u00e1r\u00e1shoz<\/a><\/li>\n<\/ul>\n\n\n\n<div style=\"height:20px\" aria-hidden=\"true\" class=\"wp-block-spacer\"><\/div>\n\n\n\n<p class=\"has-medium-font-size wp-block-paragraph\"><strong>Szoci\u00e1lis \u00fcgyek<\/strong><\/p>\n\n\n\n<div style=\"height:20px\" aria-hidden=\"true\" class=\"wp-block-spacer\"><\/div>\n\n\n\n<ul class=\"wp-block-list has-medium-font-size has-medium-font-size\">\n<li><a href=\"https:\/\/tiszacsege.hu\/wp-content\/uploads\/2021\/09\/kerelem-gyogyszer-tamogatas.pdf\">K\u00e9relem \u2013 A gy\u00f3gyszerkiad\u00e1sok visel\u00e9s\u00e9hez ny\u00fajtott telep\u00fcl\u00e9si t\u00e1mogat\u00e1s meg\u00e1llap\u00edt\u00e1s\u00e1ra<\/a><\/li>\n<\/ul>\n\n\n\n<div style=\"height:20px\" aria-hidden=\"true\" class=\"wp-block-spacer\"><\/div>\n\n\n\n<ul class=\"wp-block-list has-medium-font-size has-medium-font-size\">\n<li><a href=\"https:\/\/tiszacsege.hu\/wp-content\/uploads\/2021\/09\/kerelem-lakasfenntartasi-tamogatas.pdf\">K\u00e9relem \u2013 A lakhat\u00e1shoz kapcsol\u00f3d\u00f3 rendszeres kiad\u00e1sok visel\u00e9s\u00e9hez ny\u00fajtott telep\u00fcl\u00e9si t\u00e1mogat\u00e1s meg\u00e1llap\u00edt\u00e1s\u00e1ra<\/a><\/li>\n<\/ul>\n\n\n\n<div style=\"height:20px\" aria-hidden=\"true\" class=\"wp-block-spacer\"><\/div>\n\n\n\n<ul class=\"wp-block-list has-medium-font-size has-medium-font-size\">\n<li><a href=\"https:\/\/tiszacsege.hu\/wp-content\/uploads\/2021\/09\/kerelem-ujszulottek-tam.pdf\">K\u00e9relem \u2013 Az \u00fajsz\u00fcl\u00f6ttek t\u00e1mogat\u00e1s\u00e1nak meg\u00e1llap\u00edt\u00e1s\u00e1ra<\/a><\/li>\n<\/ul>\n\n\n\n<div style=\"height:20px\" aria-hidden=\"true\" class=\"wp-block-spacer\"><\/div>\n\n\n\n<ul class=\"wp-block-list has-medium-font-size has-medium-font-size\">\n<li><a href=\"https:\/\/tiszacsege.hu\/wp-content\/uploads\/2021\/09\/segely-kerelem-egyszeri.pdf\">K\u00e9relem \u2013 Egyszeri\/eseti rendk\u00edv\u00fcli telep\u00fcl\u00e9si t\u00e1mogat\u00e1s ir\u00e1nt<\/a><\/li>\n<\/ul>\n\n\n\n<div style=\"height:20px\" aria-hidden=\"true\" class=\"wp-block-spacer\"><\/div>\n\n\n\n<ul class=\"wp-block-list has-medium-font-size has-medium-font-size\">\n<li><a href=\"https:\/\/tiszacsege.hu\/wp-content\/uploads\/2021\/09\/kerelem-idoskoruak-tamogatasa.pdf\">K\u00e9relem \u2013 Id\u0151skor\u00faak t\u00e1mogat\u00e1sa ir\u00e1nt<\/a><\/li>\n<\/ul>\n\n\n\n<div style=\"height:20px\" aria-hidden=\"true\" class=\"wp-block-spacer\"><\/div>\n\n\n\n<ul class=\"wp-block-list has-medium-font-size has-medium-font-size\">\n<li><a href=\"https:\/\/tiszacsege.hu\/wp-content\/uploads\/2021\/09\/kerelem-iskolakezdesi.pdf\">K\u00e9relem \u2013 Iskolakezd\u00e9si t\u00e1mogat\u00e1s meg\u00e1llap\u00edt\u00e1s\u00e1hoz<\/a><\/li>\n<\/ul>\n\n\n\n<div style=\"height:20px\" aria-hidden=\"true\" class=\"wp-block-spacer\"><\/div>\n\n\n\n<ul class=\"wp-block-list has-medium-font-size has-medium-font-size\">\n<li><a href=\"https:\/\/tiszacsege.hu\/wp-content\/uploads\/2021\/09\/segely-kerelem-rendszeres.pdf\">K\u00e9relem \u2013 Rendszeres rendk\u00edv\u00fcli telep\u00fcl\u00e9si t\u00e1mogat\u00e1s ir\u00e1nt<\/a><\/li>\n<\/ul>\n\n\n\n<div style=\"height:20px\" aria-hidden=\"true\" class=\"wp-block-spacer\"><\/div>\n\n\n\n<ul class=\"wp-block-list has-medium-font-size has-medium-font-size\">\n<li><a href=\"https:\/\/tiszacsege.hu\/wp-content\/uploads\/2021\/09\/segely-kerelem-temetesi.pdf\">K\u00e9relem \u2013 Temet\u00e9si t\u00e1mogat\u00e1s ir\u00e1nt<\/a><\/li>\n<\/ul>\n\n\n\n<div style=\"height:20px\" aria-hidden=\"true\" class=\"wp-block-spacer\"><\/div>\n\n\n\n<ul class=\"wp-block-list has-medium-font-size has-medium-font-size\">\n<li><a href=\"https:\/\/tiszacsege.hu\/wp-content\/uploads\/2021\/09\/haziorvosi-igazolas.pdf\">H\u00e1ziorvosi igazol\u00e1s \u2013 Gy\u00f3gyszerkiad\u00e1sok visel\u00e9s\u00e9hez ny\u00fajtott telep\u00fcl\u00e9si t\u00e1mogat\u00e1shoz<\/a><\/li>\n<\/ul>\n\n\n\n<div style=\"height:20px\" aria-hidden=\"true\" class=\"wp-block-spacer\"><\/div>\n\n\n\n<ul class=\"wp-block-list has-medium-font-size has-medium-font-size\">\n<li><a href=\"https:\/\/tiszacsege.hu\/wp-content\/uploads\/2023\/03\/GYVK-nyomtatvany-2022.pdf\">Formanyomtatv\u00e1ny \u2013 a rendszeres gyermekv\u00e9delmi kedvezm\u00e9ny meg\u00e1llap\u00edt\u00e1s\u00e1hoz \u00e9s fel\u00fclvizsg\u00e1lat\u00e1hoz [A) lap], valamint a h\u00e1tr\u00e1nyos, halmozottan h\u00e1tr\u00e1nyos helyzet fenn\u00e1ll\u00e1s\u00e1nak meg\u00e1llap\u00edt\u00e1s\u00e1hoz [B) lap]<\/a><\/li>\n<\/ul>\n\n\n\n<div style=\"height:50px\" aria-hidden=\"true\" class=\"wp-block-spacer\"><\/div>\n\n\n\n<p class=\"has-medium-font-size wp-block-paragraph\"><strong>Ad\u00f3\u00fcgyek, bevall\u00e1sok<\/strong><\/p>\n\n\n\n<div style=\"height:20px\" aria-hidden=\"true\" class=\"wp-block-spacer\"><\/div>\n\n\n\n<ul class=\"wp-block-list has-medium-font-size has-medium-font-size\">\n<li><a href=\"https:\/\/tiszacsege.hu\/wp-content\/uploads\/2021\/01\/2021_bejelentkezes_valtozasbejelentes_nyomtatvany_kitoltesi-utmutato.v2docx.pdf\" target=\"_blank\" rel=\"noreferrer noopener\">Bejelentkez\u00e9s v\u00e1ltoz\u00e1s bejelent\u00e9s<\/a><\/li>\n<\/ul>\n\n\n\n<div style=\"height:20px\" aria-hidden=\"true\" class=\"wp-block-spacer\"><\/div>\n\n\n\n<ul class=\"wp-block-list has-medium-font-size has-medium-font-size\">\n<li><a href=\"https:\/\/tiszacsege.hu\/wp-content\/uploads\/2021\/01\/2021_Epitmenyado_nyomtatvany_kitoltesi-utmutato.pdf\" target=\"_blank\" rel=\"noreferrer noopener\">\u00c9p\u00edtm\u00e9nyad\u00f3<\/a><\/li>\n<\/ul>\n\n\n\n<div style=\"height:20px\" aria-hidden=\"true\" class=\"wp-block-spacer\"><\/div>\n\n\n\n<ul class=\"wp-block-list has-medium-font-size has-medium-font-size\">\n<li><a href=\"https:\/\/tiszacsege.hu\/wp-content\/uploads\/2021\/01\/2020_-helyi-iparuzesi-ado.pdf\">Helyi ipar\u0171z\u00e9si ad\u00f3 (2020)<\/a><\/li>\n<\/ul>\n\n\n\n<div style=\"height:20px\" aria-hidden=\"true\" class=\"wp-block-spacer\"><\/div>\n\n\n\n<ul class=\"wp-block-list has-medium-font-size has-medium-font-size\">\n<li><a href=\"https:\/\/tiszacsege.hu\/wp-content\/uploads\/2021\/01\/2021_helyi_iparuzesi_ado.pdf\">Helyi ipar\u0171z\u00e9si ad\u00f3 (2021)<\/a><\/li>\n<\/ul>\n\n\n\n<div style=\"height:20px\" aria-hidden=\"true\" class=\"wp-block-spacer\"><\/div>\n\n\n\n<ul class=\"wp-block-list has-medium-font-size has-medium-font-size\">\n<li><a href=\"http:\/\/tiszacsege.hu\/wp-content\/uploads\/2017\/01\/helyi-ipar%C5%B1z%C3%A9si-ad%C3%B3el%C5%91leg-kieg%C3%A9sz%C3%ADt%C3%A9s.pdf\" target=\"_blank\" rel=\"noreferrer noopener\">Helyi ipar\u0171z\u00e9si ad\u00f3el\u0151leg kieg\u00e9sz\u00edt\u00e9s<\/a><\/li>\n<\/ul>\n\n\n\n<div style=\"height:20px\" aria-hidden=\"true\" class=\"wp-block-spacer\"><\/div>\n\n\n\n<ul class=\"wp-block-list has-medium-font-size has-medium-font-size\">\n<li><a href=\"https:\/\/tiszacsege.hu\/wp-content\/uploads\/2021\/01\/2021_Ifa_nyomtatvany.pdf\" target=\"_blank\" rel=\"noreferrer noopener\">Idegenforgalmi ad\u00f3<\/a><\/li>\n<\/ul>\n\n\n\n<div style=\"height:20px\" aria-hidden=\"true\" class=\"wp-block-spacer\"><\/div>\n\n\n\n<ul class=\"wp-block-list has-medium-font-size has-medium-font-size\">\n<li><a href=\"http:\/\/tiszacsege.hu\/wp-content\/uploads\/2017\/01\/k%C3%A9relem-ad%C3%B3felf%C3%BCggeszt%C3%A9sre.pdf\" target=\"_blank\" rel=\"noreferrer noopener\">K\u00e9relem ad\u00f3felf\u00fcggeszt\u00e9sre<\/a><\/li>\n<\/ul>\n\n\n\n<div style=\"height:20px\" aria-hidden=\"true\" class=\"wp-block-spacer\"><\/div>\n\n\n\n<ul class=\"wp-block-list has-medium-font-size has-medium-font-size\">\n<li><a href=\"http:\/\/tiszacsege.hu\/wp-content\/uploads\/2018\/05\/Kieg%C3%A9sz%C3%ADt%C5%91-lap-az-%C3%A9p%C3%ADtm%C3%A9nyad%C3%B3-illetve-a-telekad%C3%B3-adatbejelent%C3%A9s%C3%A9hez.pdf\" target=\"_blank\" rel=\"noreferrer noopener\">Kieg\u00e9sz\u00edt\u0151 lap az \u00e9p\u00edtm\u00e9nyad\u00f3, telekad\u00f3 adatbejelent\u00e9s\u00e9hez<\/a><\/li>\n<\/ul>\n\n\n\n<div style=\"height:20px\" aria-hidden=\"true\" class=\"wp-block-spacer\"><\/div>\n\n\n\n<ul class=\"wp-block-list has-medium-font-size has-medium-font-size\">\n<li><a href=\"https:\/\/tiszacsege.hu\/wp-content\/uploads\/2021\/01\/kommunalis_ado.pdf\" target=\"_blank\" rel=\"noreferrer noopener\">Kommun\u00e1lis ad\u00f3<\/a><\/li>\n<\/ul>\n\n\n\n<div style=\"height:20px\" aria-hidden=\"true\" class=\"wp-block-spacer\"><\/div>\n\n\n\n<ul class=\"wp-block-list has-medium-font-size has-medium-font-size\">\n<li><a href=\"https:\/\/tiszacsege.hu\/wp-content\/uploads\/2021\/01\/2021-megallapodasi-nyomtatvany_kitoltesi-utmutato_v2.pdf\" target=\"_blank\" rel=\"noreferrer noopener\">Meg\u00e1llapod\u00e1s ad\u00f3val kapcsolatos k\u00f6telezetts\u00e9gekr\u0151l \u00e9s jogokr\u00f3l<\/a><\/li>\n<\/ul>\n\n\n\n<div style=\"height:20px\" aria-hidden=\"true\" class=\"wp-block-spacer\"><\/div>\n\n\n\n<ul class=\"wp-block-list has-medium-font-size has-medium-font-size\">\n<li><a href=\"http:\/\/tiszacsege.hu\/wp-content\/uploads\/2019\/02\/talajterheles_2019.pdf\" target=\"_blank\" rel=\"noreferrer noopener\">Talajterhel\u00e9s<\/a><\/li>\n<\/ul>\n\n\n\n<div style=\"height:20px\" aria-hidden=\"true\" class=\"wp-block-spacer\"><\/div>\n\n\n\n<ul class=\"wp-block-list has-medium-font-size has-medium-font-size\">\n<li><a href=\"https:\/\/tiszacsege.hu\/wp-content\/uploads\/2021\/01\/2021_Telekado.pdf\" target=\"_blank\" rel=\"noreferrer noopener\">Telekad\u00f3<\/a><\/li>\n<\/ul>\n\n\n\n<div style=\"height:20px\" aria-hidden=\"true\" class=\"wp-block-spacer\"><\/div>\n\n\n\n<ul class=\"wp-block-list has-medium-font-size has-medium-font-size\">\n<li><a href=\"http:\/\/tiszacsege.hu\/wp-content\/uploads\/2012\/10\/ad%C3%B3mentess%C3%A9g-j%C3%B3.pdf\" target=\"_blank\" rel=\"noreferrer noopener\">\u00dcd\u00fcl\u0151ingatlanok \u00e9p\u00edtm\u00e9nyad\u00f3-mentess\u00e9g\u00e9nek ig\u00e9nybev\u00e9tel\u00e9hez, megsz\u00fcntet\u00e9s\u00e9hez<\/a><\/li>\n<\/ul>\n\n\n\n<div style=\"height:20px\" aria-hidden=\"true\" class=\"wp-block-spacer\"><\/div>\n\n\n\n<ul class=\"wp-block-list has-medium-font-size has-medium-font-size\">\n<li><a href=\"http:\/\/tiszacsege.hu\/wp-content\/uploads\/2014\/09\/kiutalasi_kerelem.pdf\" target=\"_blank\" rel=\"noreferrer noopener\">Kiutal\u00e1si k\u00e9relem a foly\u00f3sz\u00e1ml\u00e1n mutatkoz\u00f3 t\u00falfizet\u00e9s rendez\u00e9s\u00e9hez<\/a><\/li>\n<\/ul>\n\n\n\n<div style=\"height:20px\" aria-hidden=\"true\" class=\"wp-block-spacer\"><\/div>\n\n\n\n<ul class=\"wp-block-list has-medium-font-size has-medium-font-size\">\n<li><a href=\"http:\/\/tiszacsege.hu\/wp-content\/uploads\/2017\/01\/mag%C3%A1nf%C5%91z%C3%A9s.pdf\" target=\"_blank\" rel=\"noreferrer noopener\">Bejelent\u00e9s \u2013 mag\u00e1nf\u0151z\u00e9sre szolg\u00e1l\u00f3 desztill\u00e1l\u00f3berendez\u00e9s tulajdonjog\u00e1nak megszerz\u00e9s\u00e9r\u0151l, valamint a bejelentett adatokban t\u00f6rt\u00e9nt v\u00e1ltoz\u00e1sr\u00f3l<\/a><\/li>\n<\/ul>\n\n\n\n<div style=\"height:20px\" aria-hidden=\"true\" class=\"wp-block-spacer\"><\/div>\n\n\n\n<ul class=\"wp-block-list has-medium-font-size has-medium-font-size\">\n<li><a href=\"http:\/\/tiszacsege.hu\/wp-content\/uploads\/2017\/01\/bevallas-eloallitott-maganfozott-parlat-utan.pdf\" target=\"_blank\" rel=\"noreferrer noopener\">Bevall\u00e1s -El\u0151\u00e1ll\u00edtott mag\u00e1nf\u0151z\u0151 p\u00e1rlat ut\u00e1n<\/a><\/li>\n<\/ul>\n\n\n\n<div style=\"height:20px\" aria-hidden=\"true\" class=\"wp-block-spacer\"><\/div>\n\n\n\n<ul class=\"wp-block-list has-medium-font-size has-medium-font-size\">\n<li><a href=\"http:\/\/tiszacsege.hu\/wp-content\/uploads\/2015\/01\/bejelentes_a_kombinalt_aruszallitasrol.pdf\" target=\"_blank\" rel=\"noreferrer noopener\">Bejelent\u00e9s a kombin\u00e1lt \u00e1rusz\u00e1ll\u00edt\u00e1sr\u00f3l<\/a><\/li>\n<\/ul>\n\n\n\n<div style=\"height:20px\" aria-hidden=\"true\" class=\"wp-block-spacer\"><\/div>\n\n\n\n<ul class=\"wp-block-list has-medium-font-size has-medium-font-size\">\n<li><a href=\"http:\/\/tiszacsege.hu\/wp-content\/uploads\/2018\/05\/osterm.pdf\" target=\"_blank\" rel=\"noreferrer noopener\">Nyilatkozat \u0151stermel\u0151knek<\/a><\/li>\n<\/ul>\n\n\n\n<div style=\"height:20px\" aria-hidden=\"true\" class=\"wp-block-spacer\"><\/div>\n\n\n\n<ul class=\"wp-block-list has-medium-font-size has-medium-font-size\">\n<li><a href=\"http:\/\/tiszacsege.hu\/wp-content\/uploads\/2018\/05\/el%C5%91rehozott-helyi-ad%C3%B3.pdf\" target=\"_blank\" rel=\"noreferrer noopener\">El\u0151rehozott helyi ad\u00f3<\/a><\/li>\n<\/ul>\n\n\n\n<div style=\"height:50px\" aria-hidden=\"true\" class=\"wp-block-spacer\"><\/div>\n\n\n\n<p class=\"has-medium-font-size wp-block-paragraph\"><strong>Hat\u00f3s\u00e1gi \u00fcgyek<\/strong><\/p>\n\n\n\n<div style=\"height:20px\" aria-hidden=\"true\" class=\"wp-block-spacer\"><\/div>\n\n\n\n<ul class=\"wp-block-list has-medium-font-size has-medium-font-size\">\n<li><a href=\"http:\/\/tiszacsege.hu\/wp-content\/uploads\/2014\/11\/BEJELENTES-Bejelenteskoteles-kereskedelmi-tevekenys\u00e9g-folytatasarol.pdf\">BEJELENT\u00c9S \u2013 Bejelent\u00e9sk\u00f6teles kereskedelmi tev\u00e9kenys\u00e9g folytat\u00e1s\u00e1r\u00f3l<\/a><\/li>\n<\/ul>\n\n\n\n<div style=\"height:20px\" aria-hidden=\"true\" class=\"wp-block-spacer\"><\/div>\n\n\n\n<ul class=\"wp-block-list has-medium-font-size has-medium-font-size\">\n<li><a href=\"http:\/\/tiszacsege.hu\/wp-content\/uploads\/2014\/11\/KERELEM-Mukodesi-engedely-kibocsatasa-irant.pdf\">K\u00c9RELEM \u2013 M\u0171k\u00f6d\u00e9si enged\u00e9ly kibocs\u00e1t\u00e1sa ir\u00e1nt<\/a><\/li>\n<\/ul>\n\n\n\n<div style=\"height:20px\" aria-hidden=\"true\" class=\"wp-block-spacer\"><\/div>\n\n\n\n<ul class=\"wp-block-list has-medium-font-size has-medium-font-size\">\n<li><a href=\"http:\/\/tiszacsege.hu\/wp-content\/uploads\/2014\/11\/BEJELENTES-Bejelenteskoteles-kereskedelmi-tevekenyseg-adataiban-bekovetkezett-valtozasrol.pdf\">BEJELENT\u00c9S \u2013 Bejelent\u00e9sk\u00f6teles kereskedelmi tev\u00e9kenys\u00e9g adataiban bek\u00f6vetkezett v\u00e1ltoz\u00e1sr\u00f3l<\/a><\/li>\n<\/ul>\n\n\n\n<div style=\"height:20px\" aria-hidden=\"true\" class=\"wp-block-spacer\"><\/div>\n\n\n\n<ul class=\"wp-block-list has-medium-font-size has-medium-font-size\">\n<li><a href=\"http:\/\/tiszacsege.hu\/wp-content\/uploads\/2014\/11\/BEJELENTES-Mukodesi-engedely-irant-kerelem-adataiban-bekovetkezett-valtozasrol.pdf\">BEJELENT\u00c9S \u2013 M\u0171k\u00f6d\u00e9si enged\u00e9ly ir\u00e1nt k\u00e9relem adataiban bek\u00f6vetkezett v\u00e1ltoz\u00e1sr\u00f3l<\/a><\/li>\n<\/ul>\n\n\n\n<div style=\"height:20px\" aria-hidden=\"true\" class=\"wp-block-spacer\"><\/div>\n\n\n\n<ul class=\"wp-block-list has-medium-font-size has-medium-font-size\">\n<li><a href=\"http:\/\/tiszacsege.hu\/wp-content\/uploads\/2017\/10\/35t_kerelem.pdf\">K\u00c9RELEM \u2013 A 3,5 tonna \u00f6sszt\u00f6meget meghalad\u00f3 teherg\u00e9pkocsi, vontat\u00f3, p\u00f3tkocsi \u00e9s aut\u00f3busz forgalomba helyez\u00e9s\u00e9hez \u00e9s \u00e1t\u00edrat\u00e1s\u00e1hoz sz\u00fcks\u00e9ges jegyz\u0151i igazol\u00e1s kiad\u00e1s\u00e1hoz<\/a><\/li>\n<\/ul>\n\n\n\n<div style=\"height:20px\" aria-hidden=\"true\" class=\"wp-block-spacer\"><\/div>\n\n\n\n<ul class=\"wp-block-list has-medium-font-size has-medium-font-size\">\n<li><a href=\"https:\/\/tiszacsege.hu\/wp-content\/uploads\/2022\/04\/birtokvedelmi-kerelem-2022.pdf\">Birtokv\u00e9delmi k\u00e9relem<\/a><\/li>\n<\/ul>\n\n\n\n<div style=\"height:20px\" aria-hidden=\"true\" class=\"wp-block-spacer\"><\/div>\n\n\n\n<ul class=\"wp-block-list has-medium-font-size has-medium-font-size\">\n<li><a href=\"https:\/\/tiszacsege.hu\/wp-content\/uploads\/2024\/10\/Bejelento-adatlap-eb-nyilvantartasba-vetelehez.pdf\" target=\"_blank\" rel=\"noreferrer noopener\">Bejelent\u0151 adatlap eb nyilv\u00e1ntart\u00e1sba v\u00e9tel\u00e9hez<\/a><\/li>\n<\/ul>\n\n\n\n<div style=\"height:20px\" aria-hidden=\"true\" class=\"wp-block-spacer\"><\/div>\n\n\n\n<ul class=\"wp-block-list has-medium-font-size has-medium-font-size\">\n<li><a href=\"https:\/\/tiszacsege.hu\/wp-content\/uploads\/2024\/10\/Nemleges-nyilatkozat-ebtartasrol.pdf\" target=\"_blank\" rel=\"noreferrer noopener\">Nemleges nyilatkozat ebtart\u00e1sr\u00f3l<\/a><\/li>\n<\/ul>\n\n\n\n<div style=\"height:20px\" aria-hidden=\"true\" class=\"wp-block-spacer\"><\/div>\n\n\n\n<ul class=\"wp-block-list has-medium-font-size has-medium-font-size\">\n<li><a href=\"https:\/\/tiszacsege.hu\/wp-content\/uploads\/2024\/10\/Bejelento-lap-meheszet-nyilvantartasba-vetelehez.pdf\" target=\"_blank\" rel=\"noreferrer noopener\">Bejelent\u0151 lap m\u00e9h\u00e9szet nyilv\u00e1ntart\u00e1sba v\u00e9tel\u00e9hez (\u00faj tev\u00e9kenys\u00e9g)<\/a><\/li>\n<\/ul>\n\n\n\n<div style=\"height:20px\" aria-hidden=\"true\" class=\"wp-block-spacer\"><\/div>\n\n\n\n<ul class=\"wp-block-list\">\n<li class=\"has-medium-font-size\"><a href=\"https:\/\/tiszacsege.hu\/wp-content\/uploads\/2025\/05\/mehvandorlas_bejelentese.pdf\" target=\"_blank\" rel=\"noreferrer noopener\">M\u00e9hv\u00e1ndorl\u00e1s bejelent\u00e9se<\/a><\/li>\n<\/ul>\n\n\n\n<div style=\"height:20px\" aria-hidden=\"true\" class=\"wp-block-spacer\"><\/div>\n\n\n\n<ul class=\"wp-block-list\">\n<li class=\"has-medium-font-size\"><a href=\"https:\/\/tiszacsege.hu\/wp-content\/uploads\/2025\/05\/mehvandorlas_kijelentese.pdf\" target=\"_blank\" rel=\"noreferrer noopener\">M\u00e9hv\u00e1ndorl\u00e1s kijelent\u00e9se<\/a><\/li>\n<\/ul>\n\n\n\n<div style=\"height:20px\" aria-hidden=\"true\" class=\"wp-block-spacer\"><\/div>\n\n\n\n<ul class=\"wp-block-list has-medium-font-size has-medium-font-size\">\n<li><a href=\"https:\/\/tiszacsege.hu\/wp-content\/uploads\/2025\/05\/Kerelem-cimkezelesi-eljaras-lefolytatasara.pdf\" target=\"_blank\" rel=\"noreferrer noopener\">K\u00e9relem c\u00edmkezel\u00e9si elj\u00e1r\u00e1s lefolytat\u00e1s\u00e1ra<\/a><\/li>\n<\/ul>\n\n\n\n<div style=\"height:20px\" aria-hidden=\"true\" class=\"wp-block-spacer\"><\/div>\n\n\n\n<ul class=\"wp-block-list\">\n<li class=\"has-medium-font-size\"><a href=\"https:\/\/tiszacsege.hu\/wp-content\/uploads\/2025\/05\/fellebezesi_jogrol_lemondas.pdf\" target=\"_blank\" rel=\"noreferrer noopener\">Fellebbez\u00e9si jogr\u00f3l lemond\u00f3 nyilatkozat &#8211; c\u00edmkezel\u00e9si elj\u00e1r\u00e1shoz<\/a><\/li>\n<\/ul>\n\n\n\n<div style=\"height:20px\" aria-hidden=\"true\" class=\"wp-block-spacer\"><\/div>\n\n\n\n<ul class=\"wp-block-list has-medium-font-size has-medium-font-size\">\n<li><a href=\"https:\/\/tiszacsege.hu\/wp-content\/uploads\/2024\/10\/Kereskedelmi-vendeglato-uzletben-tartando-rendezveny-bejelentese.pdf\" target=\"_blank\" rel=\"noreferrer noopener\">Kereskedelmi, vend\u00e9gl\u00e1t\u00f3 \u00fczletben tartand\u00f3 rendezv\u00e9ny bejelent\u00e9se<\/a><\/li>\n<\/ul>\n\n\n\n<div style=\"height:20px\" aria-hidden=\"true\" class=\"wp-block-spacer\"><\/div>\n\n\n\n<ul class=\"wp-block-list has-medium-font-size has-medium-font-size\">\n<li><a href=\"https:\/\/tiszacsege.hu\/wp-content\/uploads\/2024\/10\/Kozterulet-hasznalati-engedely-iranti-kerelem.pdf\" target=\"_blank\" rel=\"noreferrer noopener\">K\u00f6zter\u00fclet haszn\u00e1lati enged\u00e9ly ir\u00e1nti k\u00e9relem<\/a><\/li>\n<\/ul>\n\n\n\n<div style=\"height:20px\" aria-hidden=\"true\" class=\"wp-block-spacer\"><\/div>\n\n\n\n<ul class=\"wp-block-list\">\n<li class=\"has-medium-font-size\"><a href=\"https:\/\/tiszacsege.hu\/wp-content\/uploads\/2025\/02\/kerelem_kozteruleten_levo_fas_szaru_novenyek_kivagasahoz-Tcsege.pdf\" target=\"_blank\" rel=\"noreferrer noopener\">Fakiv\u00e1g\u00e1si enged\u00e9lyk\u00e9relem \/ bejelent\u00e9s a k\u00f6zhaszn\u00e1lat\u00fa ter\u00fcleten l\u00e9v\u0151 f\u00e1s sz\u00e1r\u00fa n\u00f6v\u00e9nyekre<\/a><\/li>\n<\/ul>\n\n\n\n<div style=\"height:20px\" aria-hidden=\"true\" class=\"wp-block-spacer\"><\/div>\n\n\n\n<ul class=\"wp-block-list\">\n<li class=\"has-medium-font-size\"><a href=\"https:\/\/tiszacsege.hu\/wp-content\/uploads\/2025\/05\/allatvedelmi_bejelento.pdf\" target=\"_blank\" rel=\"noreferrer noopener\">\u00c1llatv\u00e9delmi bejelent\u0151 lap<\/a><\/li>\n<\/ul>\n\n\n\n<div style=\"height:20px\" aria-hidden=\"true\" class=\"wp-block-spacer\"><\/div>\n\n\n\n<ul class=\"wp-block-list\">\n<li class=\"has-medium-font-size\"><a href=\"https:\/\/tiszacsege.hu\/wp-content\/uploads\/2025\/05\/jegyzokonyv_talalt_targy.pdf\" target=\"_blank\" rel=\"noreferrer noopener\">Jegyz\u0151k\u00f6nyv tal\u00e1lt dolog \u00e1tad\u00e1s-\u00e1tv\u00e9tel\u00e9r\u0151l<\/a><\/li>\n<\/ul>\n\n\n\n<div style=\"height:20px\" aria-hidden=\"true\" class=\"wp-block-spacer\"><\/div>\n\n\n\n<ul class=\"wp-block-list has-medium-font-size has-medium-font-size\">\n<li><a href=\"https:\/\/tiszacsege.hu\/wp-content\/uploads\/2026\/02\/kerelem-az-elso-lakashoz-jutok-penzugyi-tamogatasahoz.pdf\">K\u00e9relem az els\u0151 lak\u00e1shoz jut\u00f3k p\u00e9nz\u00fcgyi t\u00e1mogat\u00e1s\u00e1hoz<\/a><\/li>\n<\/ul>\n\n\n\n<div style=\"height:50px\" aria-hidden=\"true\" class=\"wp-block-spacer\"><\/div>\n\n\n\n<p class=\"has-text-align-center has-medium-font-size wp-block-paragraph\"><strong>T\u00e1j\u00e9koztat\u00e1s a helyi \u00f6nkorm\u00e1nyzat kezel\u00e9s\u00e9ben l\u00e9v\u0151 alsz\u00e1ml\u00e1kr\u00f3l<\/strong><\/p>\n\n\n\n<p class=\"has-text-align-center has-medium-font-size wp-block-paragraph\">A befizet\u00e9seket ad\u00f3nemenk\u00e9nt az al\u00e1bbi sz\u00e1ml\u00e1kra kell teljes\u00edteni:<\/p>\n\n\n\n<figure class=\"wp-block-table has-medium-font-size\"><table class=\"has-fixed-layout\"><tbody><tr><td colspan=\"2\">Sz\u00e1mlasz\u00e1mok<\/td><\/tr><tr><td>10402465-00028892-00000001<\/td><td>\u00c9p\u00edtm\u00e9nyad\u00f3<\/td><\/tr><tr><td>10402465-00028893-00000000<\/td><td>Telekad\u00f3<\/td><\/tr><tr><td>10402465-00028894-00000009<\/td><td>Kommun\u00e1lis ad\u00f3<\/td><\/tr><tr><td>10402465-00028895-00000008<\/td><td>Tart\u00f3zkod\u00e1si id\u0151 ut\u00e1ni idegenforgalmi ad\u00f3<\/td><\/tr><tr><td>10402465-00028896-00000007<\/td><td>\u00c9p\u00edtm\u00e9ny ut\u00e1ni idegenforgalmi ad\u00f3<\/td><\/tr><tr><td>10402465-00028897-00000006<\/td><td>\u00d6nk. Hat\u00f3s\u00e1gi elj\u00e1r\u00e1si illet\u00e9k<\/td><\/tr><tr><td>10402465-00028898-00000005<\/td><td>B\u00edrs\u00e1g<\/td><\/tr><tr><td>10402465-00028899-00000004<\/td><td>K\u00e9sedelmi p\u00f3tl\u00e9k<\/td><\/tr><tr><td>10402465-00028900-00000003<\/td><td>Term\u0151f\u00f6ld b\u00e9rbead. sz\u00e1rmaz\u00f3 j\u00f6v. ad\u00f3<\/td><\/tr><tr><td>10402465-00028901-00000002<\/td><td>Egy\u00e9b bev\u00e9telek<\/td><\/tr><tr><td>10402465-00028887-00000009<\/td><td>G\u00e9pj\u00e1rm\u0171ad\u00f3<\/td><\/tr><tr><td>10402465-00028888-00000008<\/td><td>Ipar\u0171z\u00e9si ad\u00f3<\/td><\/tr><tr><td>10402465-00028889-00000007<\/td><td>Idegen bev\u00e9telek<br>(gyermektart\u00e1sd\u00edj, \u00e9rdekelts\u00e9gi hozz., idegen helyr\u0151l kimutatott tartoz\u00e1s)<\/td><\/tr><tr><td>10402465-00028890-00000003<\/td><td>Talajterhel\u00e9si d\u00edj<\/td><\/tr><tr><td>10402465-50526784-81861229<\/td><td>J\u00f6ved\u00e9ki ad\u00f3<\/td><\/tr><\/tbody><\/table><\/figure>\n\n\n\n<p class=\"wp-block-paragraph\"><\/p>\n","protected":false},"excerpt":{"rendered":"<p>Anyak\u00f6nyvi \u00fcgyek Szoci\u00e1lis \u00fcgyek Ad\u00f3\u00fcgyek, bevall\u00e1sok Hat\u00f3s\u00e1gi \u00fcgyek T\u00e1j\u00e9koztat\u00e1s a helyi \u00f6nkorm\u00e1nyzat kezel\u00e9s\u00e9ben l\u00e9v\u0151 alsz\u00e1ml\u00e1kr\u00f3l A befizet\u00e9seket ad\u00f3nemenk\u00e9nt az al\u00e1bbi sz\u00e1ml\u00e1kra kell teljes\u00edteni: Sz\u00e1mlasz\u00e1mok 10402465-00028892-00000001 \u00c9p\u00edtm\u00e9nyad\u00f3 10402465-00028893-00000000 Telekad\u00f3 10402465-00028894-00000009 Kommun\u00e1lis ad\u00f3 10402465-00028895-00000008 Tart\u00f3zkod\u00e1si id\u0151 ut\u00e1ni idegenforgalmi ad\u00f3 10402465-00028896-00000007 \u00c9p\u00edtm\u00e9ny ut\u00e1ni idegenforgalmi ad\u00f3 10402465-00028897-00000006 \u00d6nk. Hat\u00f3s\u00e1gi elj\u00e1r\u00e1si illet\u00e9k 10402465-00028898-00000005 B\u00edrs\u00e1g 10402465-00028899-00000004 K\u00e9sedelmi p\u00f3tl\u00e9k 10402465-00028900-00000003 Term\u0151f\u00f6ld b\u00e9rbead. [&hellip;]<\/p>\n","protected":false},"author":1,"featured_media":0,"parent":0,"menu_order":0,"comment_status":"closed","ping_status":"closed","template":"","meta":{"_editorskit_title_hidden":false,"_editorskit_reading_time":0,"_editorskit_is_block_options_detached":false,"_editorskit_block_options_position":"{}","_crdt_document":"","footnotes":""},"folder":[],"class_list":["post-25767","page","type-page","status-publish","hentry"],"yoast_head":"<!-- This site is optimized with the Yoast SEO plugin v27.5 - https:\/\/yoast.com\/product\/yoast-seo-wordpress\/ -->\n<title>Nyomtatv\u00e1nyok<\/title>\n<meta name=\"robots\" content=\"index, follow, max-snippet:-1, max-image-preview:large, max-video-preview:-1\" \/>\n<link rel=\"canonical\" href=\"https:\/\/tiszacsege.hu\/?page_id=25767\" \/>\n<meta property=\"og:locale\" content=\"hu_HU\" \/>\n<meta property=\"og:type\" content=\"article\" \/>\n<meta property=\"og:title\" content=\"Nyomtatv\u00e1nyok\" \/>\n<meta property=\"og:description\" content=\"Anyak\u00f6nyvi \u00fcgyek Szoci\u00e1lis \u00fcgyek Ad\u00f3\u00fcgyek, bevall\u00e1sok Hat\u00f3s\u00e1gi \u00fcgyek T\u00e1j\u00e9koztat\u00e1s a helyi \u00f6nkorm\u00e1nyzat kezel\u00e9s\u00e9ben l\u00e9v\u0151 alsz\u00e1ml\u00e1kr\u00f3l A befizet\u00e9seket ad\u00f3nemenk\u00e9nt az al\u00e1bbi sz\u00e1ml\u00e1kra kell teljes\u00edteni: Sz\u00e1mlasz\u00e1mok 10402465-00028892-00000001 \u00c9p\u00edtm\u00e9nyad\u00f3 10402465-00028893-00000000 Telekad\u00f3 10402465-00028894-00000009 Kommun\u00e1lis ad\u00f3 10402465-00028895-00000008 Tart\u00f3zkod\u00e1si id\u0151 ut\u00e1ni idegenforgalmi ad\u00f3 10402465-00028896-00000007 \u00c9p\u00edtm\u00e9ny ut\u00e1ni idegenforgalmi ad\u00f3 10402465-00028897-00000006 \u00d6nk. Hat\u00f3s\u00e1gi elj\u00e1r\u00e1si illet\u00e9k 10402465-00028898-00000005 B\u00edrs\u00e1g 10402465-00028899-00000004 K\u00e9sedelmi p\u00f3tl\u00e9k 10402465-00028900-00000003 Term\u0151f\u00f6ld b\u00e9rbead. [&hellip;]\" \/>\n<meta property=\"og:url\" content=\"https:\/\/tiszacsege.hu\/?page_id=25767\" \/>\n<meta property=\"og:site_name\" content=\"Tiszacsege\" \/>\n<meta property=\"article:publisher\" content=\"https:\/\/www.facebook.com\/tiszacsegeonkormanyzata\" \/>\n<meta property=\"article:modified_time\" content=\"2026-02-12T13:16:18+00:00\" \/>\n<meta name=\"twitter:card\" content=\"summary_large_image\" \/>\n<script type=\"application\/ld+json\" class=\"yoast-schema-graph\">{\"@context\":\"https:\\\/\\\/schema.org\",\"@graph\":[{\"@type\":\"WebPage\",\"@id\":\"https:\\\/\\\/tiszacsege.hu\\\/?page_id=25767\",\"url\":\"https:\\\/\\\/tiszacsege.hu\\\/?page_id=25767\",\"name\":\"Nyomtatv\u00e1nyok\",\"isPartOf\":{\"@id\":\"https:\\\/\\\/tiszacsege.hu\\\/#website\"},\"datePublished\":\"2024-10-21T09:53:16+00:00\",\"dateModified\":\"2026-02-12T13:16:18+00:00\",\"breadcrumb\":{\"@id\":\"https:\\\/\\\/tiszacsege.hu\\\/?page_id=25767#breadcrumb\"},\"inLanguage\":\"hu\",\"potentialAction\":[{\"@type\":\"ReadAction\",\"target\":[\"https:\\\/\\\/tiszacsege.hu\\\/?page_id=25767\"]}]},{\"@type\":\"BreadcrumbList\",\"@id\":\"https:\\\/\\\/tiszacsege.hu\\\/?page_id=25767#breadcrumb\",\"itemListElement\":[{\"@type\":\"ListItem\",\"position\":1,\"name\":\"Kezd\u0151lap\",\"item\":\"https:\\\/\\\/tiszacsege.hu\\\/\"},{\"@type\":\"ListItem\",\"position\":2,\"name\":\"Nyomtatv\u00e1nyok\"}]},{\"@type\":\"WebSite\",\"@id\":\"https:\\\/\\\/tiszacsege.hu\\\/#website\",\"url\":\"https:\\\/\\\/tiszacsege.hu\\\/\",\"name\":\"Tiszacsege\",\"description\":\"Tiszacsege hivatalos honlapja\",\"publisher\":{\"@id\":\"https:\\\/\\\/tiszacsege.hu\\\/#organization\"},\"potentialAction\":[{\"@type\":\"SearchAction\",\"target\":{\"@type\":\"EntryPoint\",\"urlTemplate\":\"https:\\\/\\\/tiszacsege.hu\\\/?s={search_term_string}\"},\"query-input\":{\"@type\":\"PropertyValueSpecification\",\"valueRequired\":true,\"valueName\":\"search_term_string\"}}],\"inLanguage\":\"hu\"},{\"@type\":\"Organization\",\"@id\":\"https:\\\/\\\/tiszacsege.hu\\\/#organization\",\"name\":\"Tiszacsege\",\"url\":\"https:\\\/\\\/tiszacsege.hu\\\/\",\"logo\":{\"@type\":\"ImageObject\",\"inLanguage\":\"hu\",\"@id\":\"https:\\\/\\\/tiszacsege.hu\\\/#\\\/schema\\\/logo\\\/image\\\/\",\"url\":\"https:\\\/\\\/tiszacsege.hu\\\/wp-content\\\/uploads\\\/2020\\\/10\\\/tiszacsege_logo_rovid2-1.png\",\"contentUrl\":\"https:\\\/\\\/tiszacsege.hu\\\/wp-content\\\/uploads\\\/2020\\\/10\\\/tiszacsege_logo_rovid2-1.png\",\"width\":500,\"height\":150,\"caption\":\"Tiszacsege\"},\"image\":{\"@id\":\"https:\\\/\\\/tiszacsege.hu\\\/#\\\/schema\\\/logo\\\/image\\\/\"},\"sameAs\":[\"https:\\\/\\\/www.facebook.com\\\/tiszacsegeonkormanyzata\"]}]}<\/script>\n<!-- \/ Yoast SEO plugin. -->","yoast_head_json":{"title":"Nyomtatv\u00e1nyok","robots":{"index":"index","follow":"follow","max-snippet":"max-snippet:-1","max-image-preview":"max-image-preview:large","max-video-preview":"max-video-preview:-1"},"canonical":"https:\/\/tiszacsege.hu\/?page_id=25767","og_locale":"hu_HU","og_type":"article","og_title":"Nyomtatv\u00e1nyok","og_description":"Anyak\u00f6nyvi \u00fcgyek Szoci\u00e1lis \u00fcgyek Ad\u00f3\u00fcgyek, bevall\u00e1sok Hat\u00f3s\u00e1gi \u00fcgyek T\u00e1j\u00e9koztat\u00e1s a helyi \u00f6nkorm\u00e1nyzat kezel\u00e9s\u00e9ben l\u00e9v\u0151 alsz\u00e1ml\u00e1kr\u00f3l A befizet\u00e9seket ad\u00f3nemenk\u00e9nt az al\u00e1bbi sz\u00e1ml\u00e1kra kell teljes\u00edteni: Sz\u00e1mlasz\u00e1mok 10402465-00028892-00000001 \u00c9p\u00edtm\u00e9nyad\u00f3 10402465-00028893-00000000 Telekad\u00f3 10402465-00028894-00000009 Kommun\u00e1lis ad\u00f3 10402465-00028895-00000008 Tart\u00f3zkod\u00e1si id\u0151 ut\u00e1ni idegenforgalmi ad\u00f3 10402465-00028896-00000007 \u00c9p\u00edtm\u00e9ny ut\u00e1ni idegenforgalmi ad\u00f3 10402465-00028897-00000006 \u00d6nk. Hat\u00f3s\u00e1gi elj\u00e1r\u00e1si illet\u00e9k 10402465-00028898-00000005 B\u00edrs\u00e1g 10402465-00028899-00000004 K\u00e9sedelmi p\u00f3tl\u00e9k 10402465-00028900-00000003 Term\u0151f\u00f6ld b\u00e9rbead. [&hellip;]","og_url":"https:\/\/tiszacsege.hu\/?page_id=25767","og_site_name":"Tiszacsege","article_publisher":"https:\/\/www.facebook.com\/tiszacsegeonkormanyzata","article_modified_time":"2026-02-12T13:16:18+00:00","twitter_card":"summary_large_image","schema":{"@context":"https:\/\/schema.org","@graph":[{"@type":"WebPage","@id":"https:\/\/tiszacsege.hu\/?page_id=25767","url":"https:\/\/tiszacsege.hu\/?page_id=25767","name":"Nyomtatv\u00e1nyok","isPartOf":{"@id":"https:\/\/tiszacsege.hu\/#website"},"datePublished":"2024-10-21T09:53:16+00:00","dateModified":"2026-02-12T13:16:18+00:00","breadcrumb":{"@id":"https:\/\/tiszacsege.hu\/?page_id=25767#breadcrumb"},"inLanguage":"hu","potentialAction":[{"@type":"ReadAction","target":["https:\/\/tiszacsege.hu\/?page_id=25767"]}]},{"@type":"BreadcrumbList","@id":"https:\/\/tiszacsege.hu\/?page_id=25767#breadcrumb","itemListElement":[{"@type":"ListItem","position":1,"name":"Kezd\u0151lap","item":"https:\/\/tiszacsege.hu\/"},{"@type":"ListItem","position":2,"name":"Nyomtatv\u00e1nyok"}]},{"@type":"WebSite","@id":"https:\/\/tiszacsege.hu\/#website","url":"https:\/\/tiszacsege.hu\/","name":"Tiszacsege","description":"Tiszacsege hivatalos honlapja","publisher":{"@id":"https:\/\/tiszacsege.hu\/#organization"},"potentialAction":[{"@type":"SearchAction","target":{"@type":"EntryPoint","urlTemplate":"https:\/\/tiszacsege.hu\/?s={search_term_string}"},"query-input":{"@type":"PropertyValueSpecification","valueRequired":true,"valueName":"search_term_string"}}],"inLanguage":"hu"},{"@type":"Organization","@id":"https:\/\/tiszacsege.hu\/#organization","name":"Tiszacsege","url":"https:\/\/tiszacsege.hu\/","logo":{"@type":"ImageObject","inLanguage":"hu","@id":"https:\/\/tiszacsege.hu\/#\/schema\/logo\/image\/","url":"https:\/\/tiszacsege.hu\/wp-content\/uploads\/2020\/10\/tiszacsege_logo_rovid2-1.png","contentUrl":"https:\/\/tiszacsege.hu\/wp-content\/uploads\/2020\/10\/tiszacsege_logo_rovid2-1.png","width":500,"height":150,"caption":"Tiszacsege"},"image":{"@id":"https:\/\/tiszacsege.hu\/#\/schema\/logo\/image\/"},"sameAs":["https:\/\/www.facebook.com\/tiszacsegeonkormanyzata"]}]}},"_links":{"self":[{"href":"https:\/\/tiszacsege.hu\/index.php?rest_route=\/wp\/v2\/pages\/25767","targetHints":{"allow":["GET"]}}],"collection":[{"href":"https:\/\/tiszacsege.hu\/index.php?rest_route=\/wp\/v2\/pages"}],"about":[{"href":"https:\/\/tiszacsege.hu\/index.php?rest_route=\/wp\/v2\/types\/page"}],"author":[{"embeddable":true,"href":"https:\/\/tiszacsege.hu\/index.php?rest_route=\/wp\/v2\/users\/1"}],"replies":[{"embeddable":true,"href":"https:\/\/tiszacsege.hu\/index.php?rest_route=%2Fwp%2Fv2%2Fcomments&post=25767"}],"version-history":[{"count":10,"href":"https:\/\/tiszacsege.hu\/index.php?rest_route=\/wp\/v2\/pages\/25767\/revisions"}],"predecessor-version":[{"id":29070,"href":"https:\/\/tiszacsege.hu\/index.php?rest_route=\/wp\/v2\/pages\/25767\/revisions\/29070"}],"wp:attachment":[{"href":"https:\/\/tiszacsege.hu\/index.php?rest_route=%2Fwp%2Fv2%2Fmedia&parent=25767"}],"wp:term":[{"taxonomy":"folder","embeddable":true,"href":"https:\/\/tiszacsege.hu\/index.php?rest_route=%2Fwp%2Fv2%2Ffolder&post=25767"}],"curies":[{"name":"wp","href":"https:\/\/api.w.org\/{rel}","templated":true}]}}