{"id":26436,"date":"2025-02-12T13:44:53","date_gmt":"2025-02-12T12:44:53","guid":{"rendered":"https:\/\/tiszacsege.hu\/?page_id=26436"},"modified":"2026-02-24T10:41:48","modified_gmt":"2026-02-24T09:41:48","slug":"rendezvenyek","status":"publish","type":"page","link":"https:\/\/tiszacsege.hu\/?page_id=26436","title":{"rendered":"Rendezv\u00e9nyek"},"content":{"rendered":"\n\n\n<figure class=\"wp-block-table is-style-stripes\"><table class=\"has-fixed-layout\"><tbody><tr><td><strong>Id\u0151pont<\/strong><\/td><td><strong>Rendezv\u00e9ny<\/strong> <strong>megnevez\u00e9se<\/strong><\/td><td><strong>Helysz\u00edn<\/strong><\/td><\/tr><tr><td>2026. janu\u00e1r 23. (p\u00e9ntek)<\/td><td>A magyar kult\u00fara napja&nbsp;&nbsp;<\/td><td>Szolg\u00e1ltat\u00f3 Csarnok<\/td><\/tr><tr><td>2026. febru\u00e1r 7. (szombat)<\/td><td>V\u00e1rosi Farsangi Batyus B\u00e1l<\/td><td>V\u00e1rosi Sportcsarnok<\/td><\/tr><tr><td>2026. m\u00e1rcius 6. (p\u00e9ntek)<\/td><td>V\u00e1rosi N\u0151nap<\/td><td>Szolg\u00e1ltat\u00f3 Csarnok<\/td><\/tr><tr><td>2026. m\u00e1rcius 13. (p\u00e9ntek)<\/td><td>1848-49-es forradalmi megeml\u00e9kez\u00e9s<\/td><td>V\u00e1rosi Sportcsarnok<br>M\u00e1rcius 15-ei park\u00a0\u00a0\u00a0\u00a0<\/td><\/tr><tr><td>2026. \u00e1prilis 10. (p\u00e9ntek)<\/td><td>K\u00f6lt\u00e9szet Napja<\/td><td>Dr. Papp J\u00f3zsef M\u0171vel\u0151d\u00e9si H\u00e1z<br>\u00e9s K\u00f6nyvt\u00e1r<\/td><\/tr><tr><td>2026. m\u00e1jus 1. (p\u00e9ntek)<\/td><td>V\u00e1rosi Maj\u00e1lis \u00e9s<br>Sport\u00e1gv\u00e1laszt\u00f3<\/td><td>Term\u00e1l Strand<\/td><\/tr><tr><td>2026. m\u00e1jus 30. (szombat)&nbsp;<\/td><td>V\u00e1rosi Gyermeknap<\/td><td>Sportp\u00e1lya, Hataj utca<\/td><\/tr><tr><td>2026. j\u00fanius vagy j\u00falius<\/td><td>Megyei Senior Nap<\/td><td>Tiszacsege, Tisza-part<\/td><\/tr><tr><td>2026. j\u00falius 11 vagy 18. (szombat)<\/td><td>T\u00e1nch\u00e1z<\/td><td>Sportp\u00e1lya, Hataj utca<\/td><\/tr><tr><td>2026. augusztus 1. (szombat) &nbsp;<\/td><td>Csege R\u00e9v Nap<\/td><td>Tiszacsege, Tisza-part<\/td><\/tr><tr><td>2026. szeptember 9-16.<\/td><td>Eur\u00f3pai Mobilit\u00e1si H\u00e9t<\/td><td>V\u00e1ltoz\u00f3 helysz\u00ednek<\/td><\/tr><tr><td>2026. szeptember 26. (szombat)<\/td><td>\u0150szk\u00f6sz\u00f6nt\u0151, Jubileumi Sokadalom \u00e9s N\u00e9pzenei Tal\u00e1lkoz\u00f3<\/td><td>Sportp\u00e1lya, Hataj utca<\/td><\/tr><tr><td>2026. okt\u00f3ber 1. (cs\u00fct\u00f6rt\u00f6k)<\/td><td>V\u00e1rosi Id\u0151sek Napja<br><br>Jubileumi h\u00e1zass\u00e1gi \u00e9vfordul\u00f3sok k\u00f6sz\u00f6nt\u00e9se<\/td><td>Szolg\u00e1ltat\u00f3 Csarnok<\/td><\/tr><tr><td>2026. okt\u00f3ber 22. (cs\u00fct\u00f6rt\u00f6k)<\/td><td>1956-os szabads\u00e1gharc megeml\u00e9kez\u00e9s<\/td><td>Okt\u00f3ber 23-ai Eml\u00e9kpark<br>Dr. Tantos J\u00f3zsef eml\u00e9kt\u00e1bla<\/td><\/tr><tr><td>2026. okt\u00f3ber 24. (szombat)<\/td><td>Halloween<\/td><td>Szolg\u00e1ltat\u00f3 Csarnok<\/td><\/tr><tr><td>2026. november 6. (p\u00e9ntek)<\/td><td>Babafa \u00fcltet\u00e9s<\/td><td>K\u00fcls\u0151 helysz\u00edn<\/td><\/tr><tr><td>2026. november 28. \u2013 december 5-12-19.<\/td><td>Advent<\/td><td>Szolg\u00e1ltat\u00f3 Csarnok<\/td><\/tr><\/tbody><\/table><\/figure>\n","protected":false},"excerpt":{"rendered":"<p>Id\u0151pont Rendezv\u00e9ny megnevez\u00e9se Helysz\u00edn 2026. janu\u00e1r 23. (p\u00e9ntek) A magyar kult\u00fara napja&nbsp;&nbsp; Szolg\u00e1ltat\u00f3 Csarnok 2026. febru\u00e1r 7. (szombat) V\u00e1rosi Farsangi Batyus B\u00e1l V\u00e1rosi Sportcsarnok 2026. m\u00e1rcius 6. (p\u00e9ntek) V\u00e1rosi N\u0151nap Szolg\u00e1ltat\u00f3 Csarnok 2026. m\u00e1rcius 13. (p\u00e9ntek) 1848-49-es forradalmi megeml\u00e9kez\u00e9s V\u00e1rosi SportcsarnokM\u00e1rcius 15-ei park\u00a0\u00a0\u00a0\u00a0 2026. \u00e1prilis 10. (p\u00e9ntek) K\u00f6lt\u00e9szet Napja Dr. Papp J\u00f3zsef M\u0171vel\u0151d\u00e9si H\u00e1z\u00e9s K\u00f6nyvt\u00e1r [&hellip;]<\/p>\n","protected":false},"author":1,"featured_media":0,"parent":0,"menu_order":0,"comment_status":"closed","ping_status":"closed","template":"","meta":{"_editorskit_title_hidden":false,"_editorskit_reading_time":0,"_editorskit_is_block_options_detached":false,"_editorskit_block_options_position":"{}","_crdt_document":"","footnotes":""},"folder":[],"class_list":["post-26436","page","type-page","status-publish","hentry"],"yoast_head":"<!-- This site is optimized with the Yoast SEO plugin v27.5 - https:\/\/yoast.com\/product\/yoast-seo-wordpress\/ -->\n<title>Rendezv\u00e9nyek<\/title>\n<meta name=\"robots\" content=\"index, follow, max-snippet:-1, max-image-preview:large, max-video-preview:-1\" \/>\n<link rel=\"canonical\" href=\"https:\/\/tiszacsege.hu\/?page_id=26436\" \/>\n<meta property=\"og:locale\" content=\"hu_HU\" \/>\n<meta property=\"og:type\" content=\"article\" \/>\n<meta property=\"og:title\" content=\"Rendezv\u00e9nyek\" \/>\n<meta property=\"og:description\" content=\"Id\u0151pont Rendezv\u00e9ny megnevez\u00e9se Helysz\u00edn 2026. janu\u00e1r 23. (p\u00e9ntek) A magyar kult\u00fara napja&nbsp;&nbsp; Szolg\u00e1ltat\u00f3 Csarnok 2026. febru\u00e1r 7. (szombat) V\u00e1rosi Farsangi Batyus B\u00e1l V\u00e1rosi Sportcsarnok 2026. m\u00e1rcius 6. (p\u00e9ntek) V\u00e1rosi N\u0151nap Szolg\u00e1ltat\u00f3 Csarnok 2026. m\u00e1rcius 13. (p\u00e9ntek) 1848-49-es forradalmi megeml\u00e9kez\u00e9s V\u00e1rosi SportcsarnokM\u00e1rcius 15-ei park\u00a0\u00a0\u00a0\u00a0 2026. \u00e1prilis 10. (p\u00e9ntek) K\u00f6lt\u00e9szet Napja Dr. Papp J\u00f3zsef M\u0171vel\u0151d\u00e9si H\u00e1z\u00e9s K\u00f6nyvt\u00e1r [&hellip;]\" \/>\n<meta property=\"og:url\" content=\"https:\/\/tiszacsege.hu\/?page_id=26436\" \/>\n<meta property=\"og:site_name\" content=\"Tiszacsege\" \/>\n<meta property=\"article:publisher\" content=\"https:\/\/www.facebook.com\/tiszacsegeonkormanyzata\" \/>\n<meta property=\"article:modified_time\" content=\"2026-02-24T09:41:48+00:00\" \/>\n<meta name=\"twitter:card\" content=\"summary_large_image\" \/>\n<script type=\"application\/ld+json\" class=\"yoast-schema-graph\">{\"@context\":\"https:\\\/\\\/schema.org\",\"@graph\":[{\"@type\":\"WebPage\",\"@id\":\"https:\\\/\\\/tiszacsege.hu\\\/?page_id=26436\",\"url\":\"https:\\\/\\\/tiszacsege.hu\\\/?page_id=26436\",\"name\":\"Rendezv\u00e9nyek\",\"isPartOf\":{\"@id\":\"https:\\\/\\\/tiszacsege.hu\\\/#website\"},\"datePublished\":\"2025-02-12T12:44:53+00:00\",\"dateModified\":\"2026-02-24T09:41:48+00:00\",\"breadcrumb\":{\"@id\":\"https:\\\/\\\/tiszacsege.hu\\\/?page_id=26436#breadcrumb\"},\"inLanguage\":\"hu\",\"potentialAction\":[{\"@type\":\"ReadAction\",\"target\":[\"https:\\\/\\\/tiszacsege.hu\\\/?page_id=26436\"]}]},{\"@type\":\"BreadcrumbList\",\"@id\":\"https:\\\/\\\/tiszacsege.hu\\\/?page_id=26436#breadcrumb\",\"itemListElement\":[{\"@type\":\"ListItem\",\"position\":1,\"name\":\"Kezd\u0151lap\",\"item\":\"https:\\\/\\\/tiszacsege.hu\\\/\"},{\"@type\":\"ListItem\",\"position\":2,\"name\":\"Rendezv\u00e9nyek\"}]},{\"@type\":\"WebSite\",\"@id\":\"https:\\\/\\\/tiszacsege.hu\\\/#website\",\"url\":\"https:\\\/\\\/tiszacsege.hu\\\/\",\"name\":\"Tiszacsege\",\"description\":\"Tiszacsege hivatalos honlapja\",\"publisher\":{\"@id\":\"https:\\\/\\\/tiszacsege.hu\\\/#organization\"},\"potentialAction\":[{\"@type\":\"SearchAction\",\"target\":{\"@type\":\"EntryPoint\",\"urlTemplate\":\"https:\\\/\\\/tiszacsege.hu\\\/?s={search_term_string}\"},\"query-input\":{\"@type\":\"PropertyValueSpecification\",\"valueRequired\":true,\"valueName\":\"search_term_string\"}}],\"inLanguage\":\"hu\"},{\"@type\":\"Organization\",\"@id\":\"https:\\\/\\\/tiszacsege.hu\\\/#organization\",\"name\":\"Tiszacsege\",\"url\":\"https:\\\/\\\/tiszacsege.hu\\\/\",\"logo\":{\"@type\":\"ImageObject\",\"inLanguage\":\"hu\",\"@id\":\"https:\\\/\\\/tiszacsege.hu\\\/#\\\/schema\\\/logo\\\/image\\\/\",\"url\":\"https:\\\/\\\/tiszacsege.hu\\\/wp-content\\\/uploads\\\/2020\\\/10\\\/tiszacsege_logo_rovid2-1.png\",\"contentUrl\":\"https:\\\/\\\/tiszacsege.hu\\\/wp-content\\\/uploads\\\/2020\\\/10\\\/tiszacsege_logo_rovid2-1.png\",\"width\":500,\"height\":150,\"caption\":\"Tiszacsege\"},\"image\":{\"@id\":\"https:\\\/\\\/tiszacsege.hu\\\/#\\\/schema\\\/logo\\\/image\\\/\"},\"sameAs\":[\"https:\\\/\\\/www.facebook.com\\\/tiszacsegeonkormanyzata\"]}]}<\/script>\n<!-- \/ Yoast SEO plugin. -->","yoast_head_json":{"title":"Rendezv\u00e9nyek","robots":{"index":"index","follow":"follow","max-snippet":"max-snippet:-1","max-image-preview":"max-image-preview:large","max-video-preview":"max-video-preview:-1"},"canonical":"https:\/\/tiszacsege.hu\/?page_id=26436","og_locale":"hu_HU","og_type":"article","og_title":"Rendezv\u00e9nyek","og_description":"Id\u0151pont Rendezv\u00e9ny megnevez\u00e9se Helysz\u00edn 2026. janu\u00e1r 23. (p\u00e9ntek) A magyar kult\u00fara napja&nbsp;&nbsp; Szolg\u00e1ltat\u00f3 Csarnok 2026. febru\u00e1r 7. (szombat) V\u00e1rosi Farsangi Batyus B\u00e1l V\u00e1rosi Sportcsarnok 2026. m\u00e1rcius 6. (p\u00e9ntek) V\u00e1rosi N\u0151nap Szolg\u00e1ltat\u00f3 Csarnok 2026. m\u00e1rcius 13. (p\u00e9ntek) 1848-49-es forradalmi megeml\u00e9kez\u00e9s V\u00e1rosi SportcsarnokM\u00e1rcius 15-ei park\u00a0\u00a0\u00a0\u00a0 2026. \u00e1prilis 10. (p\u00e9ntek) K\u00f6lt\u00e9szet Napja Dr. Papp J\u00f3zsef M\u0171vel\u0151d\u00e9si H\u00e1z\u00e9s K\u00f6nyvt\u00e1r [&hellip;]","og_url":"https:\/\/tiszacsege.hu\/?page_id=26436","og_site_name":"Tiszacsege","article_publisher":"https:\/\/www.facebook.com\/tiszacsegeonkormanyzata","article_modified_time":"2026-02-24T09:41:48+00:00","twitter_card":"summary_large_image","schema":{"@context":"https:\/\/schema.org","@graph":[{"@type":"WebPage","@id":"https:\/\/tiszacsege.hu\/?page_id=26436","url":"https:\/\/tiszacsege.hu\/?page_id=26436","name":"Rendezv\u00e9nyek","isPartOf":{"@id":"https:\/\/tiszacsege.hu\/#website"},"datePublished":"2025-02-12T12:44:53+00:00","dateModified":"2026-02-24T09:41:48+00:00","breadcrumb":{"@id":"https:\/\/tiszacsege.hu\/?page_id=26436#breadcrumb"},"inLanguage":"hu","potentialAction":[{"@type":"ReadAction","target":["https:\/\/tiszacsege.hu\/?page_id=26436"]}]},{"@type":"BreadcrumbList","@id":"https:\/\/tiszacsege.hu\/?page_id=26436#breadcrumb","itemListElement":[{"@type":"ListItem","position":1,"name":"Kezd\u0151lap","item":"https:\/\/tiszacsege.hu\/"},{"@type":"ListItem","position":2,"name":"Rendezv\u00e9nyek"}]},{"@type":"WebSite","@id":"https:\/\/tiszacsege.hu\/#website","url":"https:\/\/tiszacsege.hu\/","name":"Tiszacsege","description":"Tiszacsege hivatalos honlapja","publisher":{"@id":"https:\/\/tiszacsege.hu\/#organization"},"potentialAction":[{"@type":"SearchAction","target":{"@type":"EntryPoint","urlTemplate":"https:\/\/tiszacsege.hu\/?s={search_term_string}"},"query-input":{"@type":"PropertyValueSpecification","valueRequired":true,"valueName":"search_term_string"}}],"inLanguage":"hu"},{"@type":"Organization","@id":"https:\/\/tiszacsege.hu\/#organization","name":"Tiszacsege","url":"https:\/\/tiszacsege.hu\/","logo":{"@type":"ImageObject","inLanguage":"hu","@id":"https:\/\/tiszacsege.hu\/#\/schema\/logo\/image\/","url":"https:\/\/tiszacsege.hu\/wp-content\/uploads\/2020\/10\/tiszacsege_logo_rovid2-1.png","contentUrl":"https:\/\/tiszacsege.hu\/wp-content\/uploads\/2020\/10\/tiszacsege_logo_rovid2-1.png","width":500,"height":150,"caption":"Tiszacsege"},"image":{"@id":"https:\/\/tiszacsege.hu\/#\/schema\/logo\/image\/"},"sameAs":["https:\/\/www.facebook.com\/tiszacsegeonkormanyzata"]}]}},"_links":{"self":[{"href":"https:\/\/tiszacsege.hu\/index.php?rest_route=\/wp\/v2\/pages\/26436","targetHints":{"allow":["GET"]}}],"collection":[{"href":"https:\/\/tiszacsege.hu\/index.php?rest_route=\/wp\/v2\/pages"}],"about":[{"href":"https:\/\/tiszacsege.hu\/index.php?rest_route=\/wp\/v2\/types\/page"}],"author":[{"embeddable":true,"href":"https:\/\/tiszacsege.hu\/index.php?rest_route=\/wp\/v2\/users\/1"}],"replies":[{"embeddable":true,"href":"https:\/\/tiszacsege.hu\/index.php?rest_route=%2Fwp%2Fv2%2Fcomments&post=26436"}],"version-history":[{"count":10,"href":"https:\/\/tiszacsege.hu\/index.php?rest_route=\/wp\/v2\/pages\/26436\/revisions"}],"predecessor-version":[{"id":29130,"href":"https:\/\/tiszacsege.hu\/index.php?rest_route=\/wp\/v2\/pages\/26436\/revisions\/29130"}],"wp:attachment":[{"href":"https:\/\/tiszacsege.hu\/index.php?rest_route=%2Fwp%2Fv2%2Fmedia&parent=26436"}],"wp:term":[{"taxonomy":"folder","embeddable":true,"href":"https:\/\/tiszacsege.hu\/index.php?rest_route=%2Fwp%2Fv2%2Ffolder&post=26436"}],"curies":[{"name":"wp","href":"https:\/\/api.w.org\/{rel}","templated":true}]}}